{"id":57631,"date":"2021-12-02T16:46:43","date_gmt":"2021-12-02T14:46:43","guid":{"rendered":"https:\/\/magic-croatia.hr\/?page_id=57631"},"modified":"2025-05-20T10:54:59","modified_gmt":"2025-05-20T08:54:59","slug":"fahrzeugvermietung-in-zadar","status":"publish","type":"page","link":"https:\/\/magic-croatia.hr\/de\/fahrzeugvermietung-in-zadar\/","title":{"rendered":"Fahrzeugvermietung in Zadar"},"content":{"rendered":"<div class=\"wpb-content-wrapper\"><p>[vc_row full_width=&#8220;stretch_row_content&#8220; css=&#8220;.vc_custom_1643656565704{background-image: url(https:\/\/magic-croatia.hr\/wp-content\/uploads\/2022\/01\/Slika-18-scaled.jpg?id=59583) !important;background-position: center !important;background-repeat: no-repeat !important;background-size: cover !important;}&#8220;][vc_column][vc_empty_space height=&#8220;122px&#8220;][vc_row_inner][vc_column_inner width=&#8220;2\/3&#8243;][vc_column_text]<span style=\"font-size: 18px; color: #ffffff;\"><strong>RENT A CAR&amp;Co<\/strong><\/span><\/p>\n<h1><span style=\"font-size: 38px; color: #ffffff;\">Mieten Sei ein Fahrzeug in Zadar<\/span><\/h1>\n<p><span style=\"font-size: 18px; color: #ffffff;\">Unsere Agentur bietet zuverl\u00e4ssige Fahrzeugvermietungsdienste in Zadar an, mit einer gro\u00dfen Auswahl an Autos, Motorr\u00e4dern und Fahrr\u00e4dern f\u00fcr alle Ihre Bed\u00fcrfnisse. Egal, ob Sie ein Fahrzeug f\u00fcr Gesch\u00e4ftsreisen, t\u00e4gliche Aufgaben oder die Erkundung der Umgebung ben\u00f6tigen, unsere Fahrzeugflotte ist bereit und ausgestattet, um den unterschiedlichen W\u00fcnschen und Anforderungen unserer Kunden gerecht zu werden.<\/span><\/p>\n<p><span style=\"font-size: 18px; color: #ffffff;\">Mit einem Fokus auf Qualit\u00e4t, Sicherheit und Komfort ist es unser Ziel, jede Miet-Erfahrung sorgenfrei und angenehm zu gestalten. Unser Expertenteam steht Ihnen zur Verf\u00fcgung, um Ihnen bei der Auswahl des besten Fahrzeugs f\u00fcr Ihre Bed\u00fcrfnisse zu helfen und Ihnen alle notwendigen Informationen und Beratung zu bieten.<\/span><\/p>\n<p>[\/vc_column_text][\/vc_column_inner][vc_column_inner width=&#8220;1\/3&#8243;][\/vc_column_inner][\/vc_row_inner][vc_empty_space height=&#8220;12px&#8220;][vc_empty_space height=&#8220;82px&#8220;][\/vc_column][\/vc_row][vc_row full_width=&#8220;stretch_row_content&#8220; equal_height=&#8220;yes&#8220; content_placement=&#8220;middle&#8220; css=&#8220;.vc_custom_1708004118020{background-color: #ffffff !important;}&#8220;][vc_column][vc_empty_space height=&#8220;42px&#8220;][vc_row_inner equal_height=&#8220;yes&#8220; content_placement=&#8220;middle&#8220;][vc_column_inner width=&#8220;2\/3&#8243;][vc_empty_space height=&#8220;42px&#8220;][vc_column_text css=&#8220;.vc_custom_1711021925962{padding-right: 5% !important;padding-left: 5% !important;}&#8220;]<\/p>\n<h2 style=\"text-align: left; font-size: 28px;\"><strong>Auto- und Van-Vermietung<\/strong><\/h2>\n<p style=\"text-align: left; font-size: 18px;\">Unser Angebot umfasst eine breite Palette von neuen und regelm\u00e4\u00dfig gewarteten Fahrzeugen: von kleinen Stadtautos, Kompaktwagen, Familien- (Business-) Limousinen, Minivans, bis hin zu Luxusfahrzeugen der Marke Mercedes. Unabh\u00e4ngig von Ihren Bed\u00fcrfnissen, ob Sie das st\u00e4dtische Umfeld erkunden oder durch die wundersch\u00f6nen dalmatinischen Landschaften fahren m\u00f6chten, haben wir das passende Fahrzeug f\u00fcr Sie.<\/p>\n<p style=\"text-align: left; font-size: 18px;\">Dar\u00fcber hinaus bieten wir die Option, Fahrzeuge mit manueller oder automatischer Schaltung zu w\u00e4hlen, sodass Sie Ihr Fahrerlebnis an Ihre pers\u00f6nlichen Vorlieben anpassen k\u00f6nnen. Mieten Sie ein hochwertiges und gepflegtes Auto oder einen Van von uns und starten Sie in ein unvergessliches Abenteuer, um die verborgenen Sch\u00e4tze Dalmatiens und Kroatiens zu erkunden. Kontaktieren Sie uns f\u00fcr weitere Informationen und beginnen Sie Ihr Abenteuer mit einem zuverl\u00e4ssigen Partner auf der Stra\u00dfe.<\/p>\n<p>[\/vc_column_text][vc_empty_space height=&#8220;22px&#8220;][\/vc_column_inner][vc_column_inner width=&#8220;1\/3&#8243; css=&#8220;.vc_custom_1708003079477{background-color: #1a2b48 !important;}&#8220;][vc_column_text css=&#8220;.vc_custom_1711022946546{padding-top: 5% !important;padding-right: 5% !important;padding-bottom: 5% !important;padding-left: 5% !important;}&#8220;]<\/p>\n<p style=\"font-size: 26px; text-align: left;\"><span style=\"color: #ffffff;\">Im Mietpreis einbegriffen::<\/span><\/p>\n<hr \/>\n<p><span style=\"font-size: 18px; color: #ffffff;\">1 Miettag (bis zu 24 Stunden))<\/span><\/p>\n<p><span style=\"font-size: 18px; color: #ffffff;\">keine Kilometerbegrenzung)<\/span><\/p>\n<p><span style=\"font-size: 18px; color: #ffffff;\">Kfz-Haftpflichtversicherung (CDW)<\/span><\/p>\n<p><span style=\"font-size: 18px; color: #ffffff;\">Autodiebstahlversicherung<\/span><\/p>\n<p>&nbsp;<\/p>\n<p style=\"text-align: left; font-size: 18px;\"><span style=\"color: #ffffff;\"><strong>NICHT IN DEN MIETPREIS MITEINBEGRIFFEN:<\/strong>\u00a0Pers\u00f6nliche Unfallversicherung (PAI); Vollkaskoversicherung (CDW+); Versicherung von R\u00e4dern, Unterboden und Glas (WUG); \u00dcbernahme und Abgabe in unterschiedlichen St\u00e4dten; Kraftstoff<\/span><\/p>\n<p>[\/vc_column_text][\/vc_column_inner][\/vc_row_inner][vc_row_inner css=&#8220;.vc_custom_1708004077775{padding-top: 5% !important;padding-bottom: 5% !important;background-color: #ffffff !important;}&#8220;][vc_column_inner][vc_column_text]<\/p>\n<h3 style=\"font-size: 34px; text-align: center;\">Alle Fahrzeuge im Angebot<\/h3>\n<p>[\/vc_column_text][\/vc_column_inner][\/vc_row_inner][vc_row_inner el_id=&#8220;auta&#8220;][vc_column_inner width=&#8220;1\/3&#8243;][vc_column_text css=&#8220;.vc_custom_1743169019551{padding-top: 30px !important;padding-bottom: 30px !important;}&#8220;]<\/p>\n<table>\n<tbody>\n<tr>\n<td colspan=\"2\"><\/td>\n<\/tr>\n<tr>\n<td width=\"254\"><img loading=\"lazy\" decoding=\"async\" class=\"alignnone wp-image-67461\" src=\"https:\/\/magic-croatia.hr\/wp-content\/uploads\/2023\/01\/thumb_FIAT500_rent-a-car.jpg\" alt=\"\" width=\"200\" height=\"125\" srcset=\"https:\/\/magic-croatia.hr\/wp-content\/uploads\/2023\/01\/thumb_FIAT500_rent-a-car.jpg 240w, https:\/\/magic-croatia.hr\/wp-content\/uploads\/2023\/01\/thumb_FIAT500_rent-a-car-768x480.jpg 768w, https:\/\/magic-croatia.hr\/wp-content\/uploads\/2023\/01\/thumb_FIAT500_rent-a-car-600x375.jpg 600w\" sizes=\"(max-width: 200px) 100vw, 200px\" \/><\/td>\n<td width=\"217\"><strong>FIAT 500<br \/>\n<\/strong><\/p>\n<table>\n<tbody>\n<tr>\n<td width=\"217\">\n<p id=\"tw-target-text\" class=\"tw-data-text tw-text-large tw-ta\" dir=\"ltr\" data-placeholder=\"Prijevod\"><span class=\"Y2IQFc\" lang=\"de\">Getriebe: Schaltgetriebe<br \/>\nKilometer: unbegrenzt Passagiere: 5\u00a0<\/span><span class=\"Y2IQFc\" lang=\"de\"><br \/>\n<\/span><span class=\"Y2IQFc\" lang=\"de\">Klimaanlage<br \/>\nAbs<br \/>\nAirbags<\/span><\/p>\n<\/td>\n<\/tr>\n<tr>\n<td width=\"217\"><\/td>\n<\/tr>\n<\/tbody>\n<\/table>\n<\/td>\n<\/tr>\n<\/tbody>\n<\/table>\n<p>[\/vc_column_text][vc_column_text css=&#8220;.vc_custom_1743169028108{border-right-width: 15px !important;padding-top: 30px !important;padding-bottom: 30px !important;border-right-color: #ffffff !important;}&#8220;]<\/p>\n<table>\n<tbody>\n<tr>\n<td width=\"254\"><\/td>\n<td width=\"217\"><\/td>\n<\/tr>\n<tr>\n<td rowspan=\"2\" width=\"254\"><img loading=\"lazy\" decoding=\"async\" class=\"alignleft wp-image-67477\" src=\"https:\/\/magic-croatia.hr\/wp-content\/uploads\/2023\/01\/thumb_VOLKSWAGEN-POLO-rent-a-car.jpg\" alt=\"\" width=\"170\" height=\"106\" srcset=\"https:\/\/magic-croatia.hr\/wp-content\/uploads\/2023\/01\/thumb_VOLKSWAGEN-POLO-rent-a-car.jpg 240w, https:\/\/magic-croatia.hr\/wp-content\/uploads\/2023\/01\/thumb_VOLKSWAGEN-POLO-rent-a-car-768x480.jpg 768w, https:\/\/magic-croatia.hr\/wp-content\/uploads\/2023\/01\/thumb_VOLKSWAGEN-POLO-rent-a-car-600x375.jpg 600w\" sizes=\"(max-width: 170px) 100vw, 170px\" \/><\/td>\n<td width=\"217\">\n<table>\n<tbody>\n<tr>\n<td width=\"217\"><span class=\"Y2IQFc\" lang=\"de\">Getriebe: Schaltgetriebe Kilometer: unbegrenzt Passagiere: 5\u00a0<\/span><br \/>\nKlimaanlage<br \/>\nABS<br \/>\nAirbags<\/td>\n<\/tr>\n<tr>\n<td width=\"217\"><\/td>\n<\/tr>\n<\/tbody>\n<\/table>\n<\/td>\n<\/tr>\n<tr>\n<td width=\"217\"><\/td>\n<\/tr>\n<\/tbody>\n<\/table>\n<p>[\/vc_column_text][vc_column_text css=&#8220;.vc_custom_1743169036395{padding-top: 30px !important;padding-bottom: 30px !important;}&#8220;]<\/p>\n<table>\n<tbody>\n<tr>\n<td width=\"254\"><\/td>\n<td width=\"217\"><\/td>\n<\/tr>\n<tr>\n<td rowspan=\"2\" width=\"254\"><img loading=\"lazy\" decoding=\"async\" class=\"alignnone wp-image-67485\" src=\"https:\/\/magic-croatia.hr\/wp-content\/uploads\/2023\/01\/thumb_Seat-ibiza-rent-a-car-e1674805672347.jpg\" alt=\"\" width=\"200\" height=\"126\" \/><\/td>\n<td width=\"217\"><strong>SEAT IBIZA<\/strong><\/p>\n<table>\n<tbody>\n<tr>\n<td width=\"217\"><span class=\"Y2IQFc\" lang=\"de\">Getriebe: Schaltgetriebe Kilometer: unbegrenzt Passagiere: 5\u00a0<\/span><span class=\"Y2IQFc\" lang=\"de\"><br \/>\n<\/span><span class=\"Y2IQFc\" lang=\"de\">Klimaanlage<\/span><br \/>\nABS<br \/>\nAirbags<\/td>\n<\/tr>\n<tr>\n<td width=\"217\"><\/td>\n<\/tr>\n<\/tbody>\n<\/table>\n<\/td>\n<\/tr>\n<\/tbody>\n<\/table>\n<p>[\/vc_column_text][vc_column_text css=&#8220;.vc_custom_1743169044571{padding-top: 30px !important;padding-bottom: 30px !important;}&#8220;]<\/p>\n<table>\n<tbody>\n<tr>\n<td width=\"254\"><\/td>\n<td width=\"217\"><\/td>\n<\/tr>\n<tr>\n<td rowspan=\"2\" width=\"254\"><img loading=\"lazy\" decoding=\"async\" class=\"alignnone wp-image-67489\" src=\"https:\/\/magic-croatia.hr\/wp-content\/uploads\/2023\/01\/thumb_VOLKSWAGEN-GOLF-rent-a-car.png\" alt=\"\" width=\"200\" height=\"125\" srcset=\"https:\/\/magic-croatia.hr\/wp-content\/uploads\/2023\/01\/thumb_VOLKSWAGEN-GOLF-rent-a-car.png 240w, https:\/\/magic-croatia.hr\/wp-content\/uploads\/2023\/01\/thumb_VOLKSWAGEN-GOLF-rent-a-car-768x480.png 768w, https:\/\/magic-croatia.hr\/wp-content\/uploads\/2023\/01\/thumb_VOLKSWAGEN-GOLF-rent-a-car-600x375.png 600w\" sizes=\"(max-width: 200px) 100vw, 200px\" \/><\/td>\n<td width=\"217\"><strong>VOLKSWAGEN GOLF<\/strong><\/p>\n<table>\n<tbody>\n<tr>\n<td width=\"217\"><span class=\"Y2IQFc\" lang=\"de\">Getriebe: Schaltgetriebe Kilometer: unbegrenzt Passagiere: 5\u00a0<\/span><span class=\"Y2IQFc\" lang=\"de\"><br \/>\n<\/span><span class=\"Y2IQFc\" lang=\"de\">Klimaanlage<\/span><br \/>\nABS<br \/>\nAirbags<\/td>\n<\/tr>\n<tr>\n<td width=\"217\"><\/td>\n<\/tr>\n<\/tbody>\n<\/table>\n<\/td>\n<\/tr>\n<\/tbody>\n<\/table>\n<p>[\/vc_column_text][\/vc_column_inner][vc_column_inner width=&#8220;1\/3&#8243;][vc_column_text css=&#8220;.vc_custom_1743169053491{border-right-width: 15px !important;padding-top: 30px !important;padding-bottom: 30px !important;border-right-color: #ffffff !important;}&#8220;]<\/p>\n<table>\n<tbody>\n<tr>\n<td width=\"254\"><\/td>\n<td width=\"217\"><\/td>\n<\/tr>\n<tr>\n<td rowspan=\"2\" width=\"254\"><img loading=\"lazy\" decoding=\"async\" class=\"alignnone wp-image-67494\" src=\"https:\/\/magic-croatia.hr\/wp-content\/uploads\/2023\/01\/thumb_AUDI-Q2-rent-a-car.jpg\" alt=\"\" width=\"200\" height=\"125\" srcset=\"https:\/\/magic-croatia.hr\/wp-content\/uploads\/2023\/01\/thumb_AUDI-Q2-rent-a-car.jpg 240w, https:\/\/magic-croatia.hr\/wp-content\/uploads\/2023\/01\/thumb_AUDI-Q2-rent-a-car-768x480.jpg 768w, https:\/\/magic-croatia.hr\/wp-content\/uploads\/2023\/01\/thumb_AUDI-Q2-rent-a-car-600x375.jpg 600w\" sizes=\"(max-width: 200px) 100vw, 200px\" \/><\/td>\n<td width=\"217\"><strong>AUDI Q2<\/strong><\/p>\n<table>\n<tbody>\n<tr>\n<td width=\"217\"><span class=\"Y2IQFc\" lang=\"de\">Getriebe: Schaltgetriebe Kilometer: unbegrenzt Passagiere: 5\u00a0<\/span><span class=\"Y2IQFc\" lang=\"de\"><br \/>\n<\/span><span class=\"Y2IQFc\" lang=\"de\">Klimaanlage<\/span><br \/>\nABS<br \/>\nAirbags<\/td>\n<\/tr>\n<tr>\n<td width=\"217\"><\/td>\n<\/tr>\n<\/tbody>\n<\/table>\n<\/td>\n<\/tr>\n<\/tbody>\n<\/table>\n<p>[\/vc_column_text][vc_column_text css=&#8220;.vc_custom_1743169060011{padding-top: 30px !important;padding-bottom: 30px !important;}&#8220;]<\/p>\n<table>\n<tbody>\n<tr>\n<td width=\"254\"><\/td>\n<td width=\"217\"><\/td>\n<\/tr>\n<tr>\n<td rowspan=\"2\" width=\"254\"><img loading=\"lazy\" decoding=\"async\" class=\"alignnone wp-image-67499\" src=\"https:\/\/magic-croatia.hr\/wp-content\/uploads\/2023\/01\/thumb__A-Class-ret-a-car.png\" alt=\"\" width=\"200\" height=\"125\" srcset=\"https:\/\/magic-croatia.hr\/wp-content\/uploads\/2023\/01\/thumb__A-Class-ret-a-car.png 240w, https:\/\/magic-croatia.hr\/wp-content\/uploads\/2023\/01\/thumb__A-Class-ret-a-car-768x480.png 768w, https:\/\/magic-croatia.hr\/wp-content\/uploads\/2023\/01\/thumb__A-Class-ret-a-car-600x375.png 600w\" sizes=\"(max-width: 200px) 100vw, 200px\" \/><\/td>\n<td width=\"217\"><strong>MERCEDES A CLASS<\/strong><\/p>\n<table>\n<tbody>\n<tr>\n<td width=\"217\"><span class=\"Y2IQFc\" lang=\"de\">Getriebe: Schaltgetriebe Kilometer: unbegrenzt Passagiere: 5\u00a0<\/span><span class=\"Y2IQFc\" lang=\"de\"><br \/>\n<\/span><span class=\"Y2IQFc\" lang=\"de\">Klimaanlage<\/span><br \/>\nABS<br \/>\nAirbags<\/td>\n<\/tr>\n<tr>\n<td width=\"217\"><\/td>\n<\/tr>\n<\/tbody>\n<\/table>\n<\/td>\n<\/tr>\n<\/tbody>\n<\/table>\n<p>[\/vc_column_text][vc_column_text css=&#8220;.vc_custom_1743169010561{padding-top: 30px !important;padding-bottom: 30px !important;}&#8220;]<\/p>\n<table>\n<tbody>\n<tr>\n<td width=\"254\"><\/td>\n<td width=\"217\"><\/td>\n<\/tr>\n<tr>\n<td rowspan=\"2\" width=\"254\"><img loading=\"lazy\" decoding=\"async\" class=\"alignnone wp-image-67503\" src=\"https:\/\/magic-croatia.hr\/wp-content\/uploads\/2023\/01\/thumb_a-3-rent-a-car.jpeg\" alt=\"\" width=\"200\" height=\"125\" srcset=\"https:\/\/magic-croatia.hr\/wp-content\/uploads\/2023\/01\/thumb_a-3-rent-a-car.jpeg 240w, https:\/\/magic-croatia.hr\/wp-content\/uploads\/2023\/01\/thumb_a-3-rent-a-car-768x480.jpeg 768w, https:\/\/magic-croatia.hr\/wp-content\/uploads\/2023\/01\/thumb_a-3-rent-a-car-600x375.jpeg 600w\" sizes=\"(max-width: 200px) 100vw, 200px\" \/><\/td>\n<td width=\"217\"><strong>AUDI A3<\/strong><\/p>\n<table>\n<tbody>\n<tr>\n<td width=\"217\"><span class=\"Y2IQFc\" lang=\"de\">Getriebe: Schaltgetriebe Kilometer: unbegrenzt Passagiere: 5\u00a0<\/span><span class=\"Y2IQFc\" lang=\"de\"><br \/>\n<\/span><span class=\"Y2IQFc\" lang=\"de\">Klimaanlage<\/span><br \/>\nABS<br \/>\nAirbags<\/td>\n<\/tr>\n<tr>\n<td width=\"217\"><\/td>\n<\/tr>\n<\/tbody>\n<\/table>\n<\/td>\n<\/tr>\n<\/tbody>\n<\/table>\n<p>[\/vc_column_text][vc_column_text css=&#8220;.vc_custom_1743169068146{border-right-width: 15px !important;padding-top: 30px !important;padding-bottom: 30px !important;border-right-color: #ffffff !important;}&#8220;]<\/p>\n<table>\n<tbody>\n<tr>\n<td width=\"254\"><\/td>\n<td width=\"217\"><\/td>\n<\/tr>\n<tr>\n<td rowspan=\"2\" width=\"254\"><img loading=\"lazy\" decoding=\"async\" class=\"alignnone wp-image-67507\" src=\"https:\/\/magic-croatia.hr\/wp-content\/uploads\/2023\/01\/thumb_Volkswagen_Tiguan_rent-a-car.jpg\" alt=\"\" width=\"200\" height=\"125\" srcset=\"https:\/\/magic-croatia.hr\/wp-content\/uploads\/2023\/01\/thumb_Volkswagen_Tiguan_rent-a-car.jpg 240w, https:\/\/magic-croatia.hr\/wp-content\/uploads\/2023\/01\/thumb_Volkswagen_Tiguan_rent-a-car-768x480.jpg 768w, https:\/\/magic-croatia.hr\/wp-content\/uploads\/2023\/01\/thumb_Volkswagen_Tiguan_rent-a-car-600x375.jpg 600w\" sizes=\"(max-width: 200px) 100vw, 200px\" \/><\/td>\n<td width=\"217\"><strong>VOLKSWAGEN TIGUAN<\/strong><\/p>\n<table>\n<tbody>\n<tr>\n<td width=\"217\"><span class=\"Y2IQFc\" lang=\"de\">Getriebe: Schaltgetriebe Kilometer: unbegrenzt Passagiere: 5\u00a0<\/span><span class=\"Y2IQFc\" lang=\"de\"><br \/>\n<\/span><span class=\"Y2IQFc\" lang=\"de\">Klimaanlage<\/span><br \/>\nABS<br \/>\nAirbags<\/td>\n<\/tr>\n<tr>\n<td width=\"217\"><\/td>\n<\/tr>\n<\/tbody>\n<\/table>\n<\/td>\n<\/tr>\n<\/tbody>\n<\/table>\n<p>[\/vc_column_text][\/vc_column_inner][vc_column_inner width=&#8220;1\/3&#8243;][vc_column_text css=&#8220;.vc_custom_1743169076261{padding-top: 30px !important;padding-bottom: 30px !important;}&#8220;]<\/p>\n<table>\n<tbody>\n<tr>\n<td colspan=\"2\"><\/td>\n<\/tr>\n<tr>\n<td width=\"254\"><img loading=\"lazy\" decoding=\"async\" class=\"alignnone wp-image-67511\" src=\"https:\/\/magic-croatia.hr\/wp-content\/uploads\/2023\/01\/thumb_MERCEDES-GLB_rent-a-car.jpg\" alt=\"\" width=\"200\" height=\"125\" srcset=\"https:\/\/magic-croatia.hr\/wp-content\/uploads\/2023\/01\/thumb_MERCEDES-GLB_rent-a-car.jpg 240w, https:\/\/magic-croatia.hr\/wp-content\/uploads\/2023\/01\/thumb_MERCEDES-GLB_rent-a-car-768x480.jpg 768w, https:\/\/magic-croatia.hr\/wp-content\/uploads\/2023\/01\/thumb_MERCEDES-GLB_rent-a-car-600x375.jpg 600w\" sizes=\"(max-width: 200px) 100vw, 200px\" \/><\/td>\n<td width=\"217\"><strong>MERCEDES GLB<\/strong><\/p>\n<table>\n<tbody>\n<tr>\n<td width=\"217\"><span class=\"Y2IQFc\" lang=\"de\">Getriebe: Schaltgetriebe Kilometer: unbegrenzt Passagiere: 5\u00a0<\/span><span class=\"Y2IQFc\" lang=\"de\"><br \/>\n<\/span><span class=\"Y2IQFc\" lang=\"de\">Klimaanlage<\/span><br \/>\nABS<br \/>\nAir bags<\/td>\n<\/tr>\n<tr>\n<td width=\"217\"><\/td>\n<\/tr>\n<\/tbody>\n<\/table>\n<\/td>\n<\/tr>\n<\/tbody>\n<\/table>\n<p>[\/vc_column_text][vc_column_text css=&#8220;.vc_custom_1743169086026{padding-top: 30px !important;padding-bottom: 30px !important;}&#8220;]<\/p>\n<table>\n<tbody>\n<tr>\n<td colspan=\"2\"><\/td>\n<\/tr>\n<tr>\n<td width=\"254\"><img loading=\"lazy\" decoding=\"async\" class=\"alignnone wp-image-67514\" src=\"https:\/\/magic-croatia.hr\/wp-content\/uploads\/2023\/01\/thumb_opel_vivaro-rent-a-car.jpg\" alt=\"\" width=\"180\" height=\"113\" srcset=\"https:\/\/magic-croatia.hr\/wp-content\/uploads\/2023\/01\/thumb_opel_vivaro-rent-a-car.jpg 240w, https:\/\/magic-croatia.hr\/wp-content\/uploads\/2023\/01\/thumb_opel_vivaro-rent-a-car-768x480.jpg 768w, https:\/\/magic-croatia.hr\/wp-content\/uploads\/2023\/01\/thumb_opel_vivaro-rent-a-car-600x375.jpg 600w\" sizes=\"(max-width: 180px) 100vw, 180px\" \/><\/td>\n<td width=\"217\"><strong>OPEL VIVARO<\/strong><\/p>\n<table>\n<tbody>\n<tr>\n<td width=\"217\"><span class=\"Y2IQFc\" lang=\"de\">Getriebe: Schaltgetriebe Kilometer: unbegrenzt Passagiere: 5\u00a0<\/span><span class=\"Y2IQFc\" lang=\"de\"><br \/>\n<\/span><span class=\"Y2IQFc\" lang=\"de\">Klimaanlage<\/span><br \/>\nABS<br \/>\nAir bags<\/td>\n<\/tr>\n<tr>\n<td width=\"217\"><\/td>\n<\/tr>\n<\/tbody>\n<\/table>\n<\/td>\n<\/tr>\n<\/tbody>\n<\/table>\n<p>[\/vc_column_text][vc_column_text css=&#8220;.vc_custom_1743169093506{border-right-width: 15px !important;padding-top: 30px !important;padding-bottom: 30px !important;border-right-color: #ffffff !important;}&#8220;]<\/p>\n<table>\n<tbody>\n<tr>\n<td colspan=\"2\"><\/td>\n<\/tr>\n<tr>\n<td width=\"254\"><img loading=\"lazy\" decoding=\"async\" class=\"alignnone wp-image-67518\" src=\"https:\/\/magic-croatia.hr\/wp-content\/uploads\/2023\/01\/thumb_mercedes-vito-rent-a-van.png\" alt=\"\" width=\"180\" height=\"113\" srcset=\"https:\/\/magic-croatia.hr\/wp-content\/uploads\/2023\/01\/thumb_mercedes-vito-rent-a-van.png 240w, https:\/\/magic-croatia.hr\/wp-content\/uploads\/2023\/01\/thumb_mercedes-vito-rent-a-van-768x480.png 768w, https:\/\/magic-croatia.hr\/wp-content\/uploads\/2023\/01\/thumb_mercedes-vito-rent-a-van-600x375.png 600w\" sizes=\"(max-width: 180px) 100vw, 180px\" \/><\/td>\n<td width=\"217\"><strong>MERCEDES VITO<\/strong><\/p>\n<table>\n<tbody>\n<tr>\n<td width=\"217\"><span class=\"Y2IQFc\" lang=\"de\">Getriebe: Schaltgetriebe Kilometer: unbegrenzt Passagiere: 5\u00a0<\/span><span class=\"Y2IQFc\" lang=\"de\"><br \/>\n<\/span><span class=\"Y2IQFc\" lang=\"de\">Klimaanlage<\/span><br \/>\nABS<br \/>\nAir bags<\/td>\n<\/tr>\n<tr>\n<td width=\"217\"><\/td>\n<\/tr>\n<\/tbody>\n<\/table>\n<\/td>\n<\/tr>\n<\/tbody>\n<\/table>\n<p>[\/vc_column_text][\/vc_column_inner][\/vc_row_inner][\/vc_column][\/vc_row][vc_row full_width=&#8220;stretch_row_content&#8220; equal_height=&#8220;yes&#8220; content_placement=&#8220;middle&#8220; css=&#8220;.vc_custom_1707985508518{background-color: #f4f4f4 !important;}&#8220;][vc_column][vc_empty_space height=&#8220;42px&#8220;][\/vc_column][vc_column width=&#8220;2\/3&#8243;][vc_empty_space height=&#8220;42px&#8220;][vc_column_text css=&#8220;.vc_custom_1711022140976{padding-right: 5% !important;padding-left: 5% !important;}&#8220;]<\/p>\n<h2 style=\"text-align: left; font-size: 28px;\"><strong>Motorradvermietung in Zadar<\/strong><\/h2>\n<p style=\"text-align: left; font-size: 18px;\">M\u00f6chten Sie Dalmatien auf eine ganz neue Art erleben? Mieten Sie ein Motorrad oder einen Roller zu den besten Preisen in Zadar und beginnen Sie mit der Erkundung seiner wundersch\u00f6nen Landschaften. W\u00e4hlen Sie den Motorradtyp, der am besten zu Ihrem Stil passt, bestimmen Sie die Anzahl der Tage f\u00fcr Ihr Abenteuer und kontaktieren Sie uns einfach, damit wir Ihre Buchung schnell und einfach organisieren k\u00f6nnen. Ihr Motorrad k\u00f6nnen Sie in k\u00fcrzester Zeit in unserer Agenturfiliale abholen.<\/p>\n<p style=\"text-align: left; font-size: 18px;\">Mit dem Motorrad oder Roller in der Region Zadar und im weiteren Bereich Dalmatiens zu fahren, bietet ein einzigartiges Gef\u00fchl der Freiheit und Verbindung mit der Natur. Nutzen Sie unsere g\u00fcnstigen Mietpreise und entdecken Sie die versteckten Sch\u00f6nheiten von Zadar und Umgebung. Kontaktieren Sie uns \u00fcber das Kontaktformular am Ende der Seite und bereiten Sie sich auf ein unvergessliches Abenteuer in einer der sch\u00f6nsten Regionen Kroatiens vor.<\/p>\n<p>[\/vc_column_text][vc_empty_space height=&#8220;22px&#8220;][\/vc_column][vc_column width=&#8220;1\/3&#8243; css=&#8220;.vc_custom_1707984197441{padding-top: 42px !important;background-color: #1a2b48 !important;}&#8220;][vc_column_text css=&#8220;.vc_custom_1711022284811{padding-right: 5% !important;padding-left: 5% !important;}&#8220;]<\/p>\n<p style=\"font-size: 26px; text-align: left;\"><span style=\"color: #ffffff;\">Im Mietpreis miteinbegriffen:<\/span><\/p>\n<hr \/>\n<p style=\"text-align: left;\"><span style=\"color: #ffffff; font-size: 18px;\">1 Motorradhelm<\/span><\/p>\n<p style=\"text-align: left;\"><span style=\"color: #ffffff; font-size: 18px;\">keine Kilometerbegrenzung<\/span><\/p>\n<p style=\"text-align: left;\"><span style=\"color: #ffffff; font-size: 18px;\">Verkehrshilfe<\/span><\/p>\n<p style=\"text-align: left;\"><span style=\"color: #ffffff; font-size: 18px;\">Grundversicherung (bei Sch\u00e4den am Motorrad haftet der Kunde bis zur H\u00f6he der Kaution)<\/span><\/p>\n<p style=\"text-align: left;\"><span style=\"color: #ffffff; font-size: 18px;\">MwSt.<\/span><\/p>\n<p>[\/vc_column_text][\/vc_column][\/vc_row][vc_row css=&#8220;.vc_custom_1707988311372{padding-top: 60px !important;padding-bottom: 60px !important;background-color: #ffffff !important;}&#8220;][vc_column][vc_column_text]<\/p>\n<h3 style=\"font-size: 34px; text-align: center;\">Alle Motorr\u00e4der im Angebot<\/h3>\n<p>[\/vc_column_text][vc_row_inner][vc_column_inner width=&#8220;1\/2&#8243;][vc_column_text]<\/p>\n<table>\n<tbody>\n<tr>\n<td width=\"302\"><strong><br \/>\n<img loading=\"lazy\" decoding=\"async\" class=\"alignnone wp-image-67549 size-full\" src=\"https:\/\/magic-croatia.hr\/wp-content\/uploads\/2023\/01\/retnt-a-scooter-yamaha-nmax-125.jpg\" alt=\"\" width=\"240\" height=\"150\" srcset=\"https:\/\/magic-croatia.hr\/wp-content\/uploads\/2023\/01\/retnt-a-scooter-yamaha-nmax-125.jpg 240w, https:\/\/magic-croatia.hr\/wp-content\/uploads\/2023\/01\/retnt-a-scooter-yamaha-nmax-125-768x480.jpg 768w, https:\/\/magic-croatia.hr\/wp-content\/uploads\/2023\/01\/retnt-a-scooter-yamaha-nmax-125-600x375.jpg 600w\" sizes=\"(max-width: 240px) 100vw, 240px\" \/><br \/>\n<\/strong><\/td>\n<td width=\"302\"><strong>YAMAHA N MAX 125CC<\/strong><\/p>\n<table>\n<tbody>\n<tr>\n<td width=\"302\"><strong>Kilometer<\/strong> : unbegrenzt<\/p>\n<p>&nbsp;<\/td>\n<\/tr>\n<\/tbody>\n<\/table>\n<\/td>\n<\/tr>\n<\/tbody>\n<\/table>\n<p>[\/vc_column_text][\/vc_column_inner][vc_column_inner width=&#8220;1\/2&#8243;][vc_column_text]<\/p>\n<table>\n<tbody>\n<tr>\n<td width=\"302\">&nbsp;<\/p>\n<p><img loading=\"lazy\" decoding=\"async\" class=\"alignnone wp-image-67552\" src=\"https:\/\/magic-croatia.hr\/wp-content\/uploads\/2023\/01\/rent-a-scooter-zadar-x-max.png\" alt=\"\" width=\"240\" height=\"150\" srcset=\"https:\/\/magic-croatia.hr\/wp-content\/uploads\/2023\/01\/rent-a-scooter-zadar-x-max.png 360w, https:\/\/magic-croatia.hr\/wp-content\/uploads\/2023\/01\/rent-a-scooter-zadar-x-max-768x480.png 768w, https:\/\/magic-croatia.hr\/wp-content\/uploads\/2023\/01\/rent-a-scooter-zadar-x-max-600x375.png 600w\" sizes=\"(max-width: 240px) 100vw, 240px\" \/><\/td>\n<td width=\"302\"><strong>YAMAHA X MAX 300CC<\/strong><\/p>\n<p><strong>Kilometer<\/strong> : unbegrenzt<\/p>\n<p>&nbsp;<\/td>\n<\/tr>\n<\/tbody>\n<\/table>\n<p>[\/vc_column_text][\/vc_column_inner][\/vc_row_inner][\/vc_column][\/vc_row][vc_row full_width=&#8220;stretch_row_content&#8220; equal_height=&#8220;yes&#8220; content_placement=&#8220;middle&#8220; css=&#8220;.vc_custom_1707985520313{background-color: #f4f4f4 !important;}&#8220;][vc_column][vc_empty_space height=&#8220;42px&#8220;][\/vc_column][vc_column width=&#8220;2\/3&#8243;][vc_empty_space height=&#8220;42px&#8220;][vc_column_text css=&#8220;.vc_custom_1711022393779{padding-right: 5% !important;padding-left: 5% !important;}&#8220;]<\/p>\n<h2 style=\"text-align: left; font-size: 28px;\"><strong>Fahrradvermietung<\/strong><\/h2>\n<p style=\"text-align: left; font-size: 18px;\">M\u00f6chten Sie die Sch\u00f6nheiten von Zadar und Umgebung auf aktive und umweltfreundliche Weise entdecken? F\u00fcr Abenteuerlustige, die die Gegend erkunden m\u00f6chten, bieten wir eine breite Palette von Fahrr\u00e4dern f\u00fcr die Stadtfahrt, Trekking oder E-Bikes an. Alle Fahrr\u00e4der in unserem Angebot sind von hoher Qualit\u00e4t, in verschiedenen Gr\u00f6\u00dfen und Spezifikationen verf\u00fcgbar und zu erschwinglichen Preisen f\u00fcr die Miete f\u00fcr einen oder mehrere Tage erh\u00e4ltlich. Unsere Fahrr\u00e4der bieten Komfort und Zuverl\u00e4ssigkeit f\u00fcr entspannte Erkundungstouren durch wundersch\u00f6ne Landschaften, historische Sehensw\u00fcrdigkeiten und versteckte Ecken der kroatischen K\u00fcste.<\/p>\n<p style=\"text-align: left; font-size: 18px;\">Ob Sie sich f\u00fcr eine ruhige Fahrt durch die Natur oder ein Abenteuer durch die st\u00e4dtische Landschaft entscheiden, Radfahren bietet eine einzigartige Freiheit und erm\u00f6glicht es Ihnen, die Authentizit\u00e4t und Sch\u00f6nheit Dalmatiens aus erster Hand zu erleben.<\/p>\n<p style=\"text-align: left; font-size: 18px;\">Kontaktieren Sie uns und starten Sie Ihr Abenteuer mit Fahrr\u00e4dern aus unserem Angebot.<\/p>\n<p>[\/vc_column_text][vc_empty_space height=&#8220;22px&#8220;][\/vc_column][vc_column width=&#8220;1\/3&#8243; css=&#8220;.vc_custom_1707984197441{padding-top: 42px !important;background-color: #1a2b48 !important;}&#8220;][vc_column_text css=&#8220;.vc_custom_1711022492566{padding-right: 5% !important;padding-left: 5% !important;}&#8220;]<\/p>\n<p style=\"font-size: 26px; text-align: left;\"><span style=\"color: #ffffff;\">Im Mietpreis einbegriffen<\/span><\/p>\n<hr \/>\n<p style=\"text-align: left; font-size: 18px;\"><span style=\"color: #ffffff;\">24 Stunden Fahrradverleih<\/span><\/p>\n<p style=\"text-align: left; font-size: 18px;\"><span style=\"color: #ffffff;\">Fahrrad und Helm<\/span><\/p>\n<p style=\"text-align: left; font-size: 18px;\"><span style=\"color: #ffffff;\">Fahrradschloss<\/span><\/p>\n<p style=\"text-align: left; font-size: 18px;\"><span style=\"color: #ffffff;\">Reserverad und Fahrradwerkzeug<\/span><\/p>\n<p style=\"text-align: left; font-size: 18px;\"><span style=\"color: #ffffff;\">MwSt.<\/span><\/p>\n<p>[\/vc_column_text][\/vc_column][\/vc_row][vc_row css=&#8220;.vc_custom_1707988117360{padding-top: 60px !important;padding-bottom: 60px !important;background-color: #ffffff !important;}&#8220;][vc_column][vc_column_text]<\/p>\n<h3 style=\"font-size: 34px; text-align: center;\">Alle Fahrr\u00e4der im Angebot<\/h3>\n<p>[\/vc_column_text][vc_row_inner css=&#8220;.vc_custom_1711022882863{padding-right: 5% !important;padding-left: 5% !important;}&#8220;][vc_column_inner width=&#8220;1\/2&#8243;][vc_column_text]<\/p>\n<table width=\"358\">\n<tbody>\n<tr>\n<td colspan=\"3\" width=\"354\"><strong>CITY \/ TREKKING BIKE<\/strong><\/td>\n<\/tr>\n<tr>\n<td colspan=\"3\"><img loading=\"lazy\" decoding=\"async\" class=\"alignnone size-full wp-image-71086\" src=\"https:\/\/magic-croatia.hr\/wp-content\/uploads\/2023\/11\/Zadar-rent-a-bike-TREKKING-BIKE.jpg\" alt=\"\" width=\"580\" height=\"401\" srcset=\"https:\/\/magic-croatia.hr\/wp-content\/uploads\/2023\/11\/Zadar-rent-a-bike-TREKKING-BIKE.jpg 580w, https:\/\/magic-croatia.hr\/wp-content\/uploads\/2023\/11\/Zadar-rent-a-bike-TREKKING-BIKE-768x530.jpg 768w, https:\/\/magic-croatia.hr\/wp-content\/uploads\/2023\/11\/Zadar-rent-a-bike-TREKKING-BIKE-600x414.jpg 600w\" sizes=\"(max-width: 580px) 100vw, 580px\" \/><\/td>\n<\/tr>\n<tr>\n<td colspan=\"3\" width=\"354\">\n<table width=\"360\">\n<tbody>\n<tr>\n<td colspan=\"3\" width=\"356\"><strong>Preis pro Tag:<\/strong><\/td>\n<\/tr>\n<tr>\n<td width=\"117\"><strong>1 \u2013 2<br \/>\nTage<\/strong><\/td>\n<td width=\"117\"><strong>3 \u2013 6<br \/>\nTage<\/strong><\/td>\n<td width=\"117\"><strong>7+<br \/>\nTage<\/strong><\/td>\n<\/tr>\n<tr>\n<td width=\"117\">20,00 EUR<\/td>\n<td width=\"117\">18,00 EUR<\/td>\n<td width=\"117\">16,00 EUR<\/td>\n<\/tr>\n<\/tbody>\n<\/table>\n<\/td>\n<\/tr>\n<\/tbody>\n<\/table>\n<p>[\/vc_column_text][vc_column_text css=&#8220;.vc_custom_1711022540649{padding-top: 20px !important;}&#8220;]<\/p>\n<table width=\"358\">\n<tbody>\n<tr>\n<td colspan=\"3\" width=\"354\"><strong>MTB XC CROSS COUNTRY BIKE<\/strong><\/td>\n<\/tr>\n<tr>\n<td colspan=\"3\"><img loading=\"lazy\" decoding=\"async\" class=\"alignnone size-full wp-image-71089\" src=\"https:\/\/magic-croatia.hr\/wp-content\/uploads\/2023\/11\/Zadar-rent-a-bike-MTB-XC-CROSS-COUNTRY.jpg\" alt=\"\" width=\"603\" height=\"356\" srcset=\"https:\/\/magic-croatia.hr\/wp-content\/uploads\/2023\/11\/Zadar-rent-a-bike-MTB-XC-CROSS-COUNTRY.jpg 603w, https:\/\/magic-croatia.hr\/wp-content\/uploads\/2023\/11\/Zadar-rent-a-bike-MTB-XC-CROSS-COUNTRY-768x453.jpg 768w, https:\/\/magic-croatia.hr\/wp-content\/uploads\/2023\/11\/Zadar-rent-a-bike-MTB-XC-CROSS-COUNTRY-600x354.jpg 600w\" sizes=\"(max-width: 603px) 100vw, 603px\" \/><\/td>\n<\/tr>\n<tr>\n<td colspan=\"3\" width=\"354\">\n<table width=\"360\">\n<tbody>\n<tr>\n<td colspan=\"3\" width=\"356\"><strong>Preis pro Tag:<\/strong><\/td>\n<\/tr>\n<tr>\n<td width=\"117\"><strong>1 \u2013 2<br \/>\nTage<\/strong><\/td>\n<td width=\"117\"><strong>3 \u2013 6<br \/>\nTage<\/strong><\/td>\n<td width=\"117\"><strong>7+<br \/>\nTage<\/strong><\/td>\n<\/tr>\n<tr>\n<td width=\"117\">25,00 EUR<\/td>\n<td width=\"117\">23,00 EUR<\/td>\n<td width=\"117\">20,00 EUR<\/td>\n<\/tr>\n<\/tbody>\n<\/table>\n<\/td>\n<\/tr>\n<\/tbody>\n<\/table>\n<p>[\/vc_column_text][\/vc_column_inner][vc_column_inner width=&#8220;1\/2&#8243;][vc_column_text]<\/p>\n<table width=\"358\">\n<tbody>\n<tr>\n<td colspan=\"3\" width=\"354\"><strong>RACING BIKE (ROAD BIKE)<\/strong><\/td>\n<\/tr>\n<tr>\n<td colspan=\"3\"><img loading=\"lazy\" decoding=\"async\" class=\"alignnone size-full wp-image-71092\" src=\"https:\/\/magic-croatia.hr\/wp-content\/uploads\/2023\/11\/Zadar-rent-a-bike-ROAD-RACING-BIKE.jpg\" alt=\"\" width=\"605\" height=\"383\" srcset=\"https:\/\/magic-croatia.hr\/wp-content\/uploads\/2023\/11\/Zadar-rent-a-bike-ROAD-RACING-BIKE.jpg 605w, https:\/\/magic-croatia.hr\/wp-content\/uploads\/2023\/11\/Zadar-rent-a-bike-ROAD-RACING-BIKE-768x486.jpg 768w, https:\/\/magic-croatia.hr\/wp-content\/uploads\/2023\/11\/Zadar-rent-a-bike-ROAD-RACING-BIKE-600x379.jpg 600w\" sizes=\"(max-width: 605px) 100vw, 605px\" \/><\/td>\n<\/tr>\n<tr>\n<td colspan=\"3\" width=\"354\">\n<table width=\"360\">\n<tbody>\n<tr>\n<td colspan=\"3\" width=\"356\"><strong>Preis pro Tag:<\/strong><\/td>\n<\/tr>\n<tr>\n<td width=\"117\"><strong>1 \u2013 2<br \/>\nTage<\/strong><\/td>\n<td width=\"117\"><strong>3 \u2013 6<br \/>\nTage<\/strong><\/td>\n<td width=\"117\"><strong>7+<br \/>\nTage<\/strong><\/td>\n<\/tr>\n<tr>\n<td width=\"117\">25,00 EUR<\/td>\n<td width=\"117\">23,00 EUR<\/td>\n<td width=\"117\">20,00 EUR<\/td>\n<\/tr>\n<\/tbody>\n<\/table>\n<\/td>\n<\/tr>\n<\/tbody>\n<\/table>\n<p>[\/vc_column_text][vc_column_text]<\/p>\n<table width=\"358\">\n<tbody>\n<tr>\n<td colspan=\"3\" width=\"354\"><strong>E-BIKE &#8211; CITY\/TREKKING<\/strong><\/td>\n<\/tr>\n<tr>\n<td colspan=\"3\"><img loading=\"lazy\" decoding=\"async\" class=\"alignnone size-full wp-image-71095\" src=\"https:\/\/magic-croatia.hr\/wp-content\/uploads\/2023\/11\/Zadar-rent-a-bike-ELECTRIC-TREKKING-BIKES.jpg\" alt=\"\" width=\"614\" height=\"394\" srcset=\"https:\/\/magic-croatia.hr\/wp-content\/uploads\/2023\/11\/Zadar-rent-a-bike-ELECTRIC-TREKKING-BIKES.jpg 614w, https:\/\/magic-croatia.hr\/wp-content\/uploads\/2023\/11\/Zadar-rent-a-bike-ELECTRIC-TREKKING-BIKES-768x492.jpg 768w, https:\/\/magic-croatia.hr\/wp-content\/uploads\/2023\/11\/Zadar-rent-a-bike-ELECTRIC-TREKKING-BIKES-600x385.jpg 600w\" sizes=\"(max-width: 614px) 100vw, 614px\" \/><\/td>\n<\/tr>\n<tr>\n<td colspan=\"3\" width=\"354\">\n<table width=\"360\">\n<tbody>\n<tr>\n<td colspan=\"3\" width=\"356\"><strong>Preis pro Tag:<\/strong><\/td>\n<\/tr>\n<tr>\n<td width=\"117\"><strong>1 \u2013 2<br \/>\nTage<\/strong><\/td>\n<td width=\"117\"><strong>3 \u2013 6<br \/>\nTage<\/strong><\/td>\n<td width=\"117\"><strong>7+<br \/>\nTage<\/strong><\/td>\n<\/tr>\n<tr>\n<td width=\"117\">35,00 EUR<\/td>\n<td width=\"117\">30,00 EUR<\/td>\n<td width=\"117\">25,00 EUR<\/td>\n<\/tr>\n<\/tbody>\n<\/table>\n<\/td>\n<\/tr>\n<tr>\n<td width=\"&quot;&lt;\/p\"><\/td>\n<\/tr>\n<\/tbody>\n<\/table>\n<p>[\/vc_column_text][\/vc_column_inner][\/vc_row_inner][\/vc_column][\/vc_row][vc_row full_width=&#8220;stretch_row_content&#8220; equal_height=&#8220;yes&#8220; content_placement=&#8220;middle&#8220;][vc_column][vc_empty_space height=&#8220;42px&#8220; el_class=&#8220;kontakt&#8220; el_id=&#8220;kontakt&#8220;][vc_empty_space][vc_row_inner content_placement=&#8220;middle&#8220;][vc_column_inner width=&#8220;1\/2&#8243;][vc_empty_space height=&#8220;12px&#8220;][vc_column_text]<\/p>\n<p style=\"font-size: 34px; text-align: left;\">Kontaktieren Sie uns<\/p>\n<p>[\/vc_column_text][vc_column_text css=&#8220;.vc_custom_1711022737093{padding-right: 5% !important;}&#8220;]<\/p>\n<p style=\"font-size: 20px; text-align: left;\">Unabh\u00e4ngig davon, ob Sie ein Wagen f\u00fcr <strong>einen oder mehrere Tage mieten m\u00f6chten<\/strong>, wir bieten Ihnen hochwertige Fahrzeuge attraktiven Preisen. <strong>Schicken Sie uns eine Anfrage<\/strong> zur Fahrzeugvermietung und begeben Sie sich in ein wundervolles Abenteuer durch ganz Dalmatien.<br \/>\n<strong>Das Formular befindet sich im Anschluss.<\/strong><\/p>\n<p>[\/vc_column_text][vc_empty_space height=&#8220;42px&#8220;][\/vc_column_inner][vc_column_inner width=&#8220;1\/2&#8243;][vc_empty_space height=&#8220;12px&#8220;]\n<div class=\"wpcf7 no-js\" id=\"wpcf7-f59756-o1\" lang=\"hr\" dir=\"ltr\">\n<div class=\"screen-reader-response\"><p role=\"status\" aria-live=\"polite\" aria-atomic=\"true\"><\/p> <ul><\/ul><\/div>\n<form action=\"\/de\/wp-json\/wp\/v2\/pages\/57631#wpcf7-f59756-o1\" method=\"post\" class=\"wpcf7-form init\" aria-label=\"Kontakt obrazac\" novalidate=\"novalidate\" data-status=\"init\">\n<div style=\"display: none;\">\n<input type=\"hidden\" name=\"_wpcf7\" value=\"59756\" \/>\n<input type=\"hidden\" name=\"_wpcf7_version\" value=\"5.9.3\" \/>\n<input type=\"hidden\" name=\"_wpcf7_locale\" value=\"hr\" \/>\n<input type=\"hidden\" name=\"_wpcf7_unit_tag\" value=\"wpcf7-f59756-o1\" \/>\n<input type=\"hidden\" name=\"_wpcf7_container_post\" value=\"0\" \/>\n<input type=\"hidden\" name=\"_wpcf7_posted_data_hash\" value=\"\" \/>\n<\/div>\n<p><span class=\"wpcf7-form-control-wrap\" data-name=\"your-name\"><input size=\"40\" class=\"wpcf7-form-control wpcf7-text\" aria-invalid=\"false\" placeholder=\"Ihr Name\" value=\"\" type=\"text\" name=\"your-name\" \/><\/span><br \/>\n<span class=\"wpcf7-form-control-wrap\" data-name=\"your-email\"><input size=\"40\" class=\"wpcf7-form-control wpcf7-email wpcf7-validates-as-required wpcf7-text wpcf7-validates-as-email\" aria-required=\"true\" aria-invalid=\"false\" placeholder=\"Ihre E-Mail-Adresse*\" value=\"\" type=\"email\" name=\"your-email\" \/><\/span><br \/>\n<span class=\"wpcf7-form-control-wrap\" data-name=\"your-message\"><textarea cols=\"40\" rows=\"10\" class=\"wpcf7-form-control wpcf7-textarea wpcf7-validates-as-required\" aria-required=\"true\" aria-invalid=\"false\" placeholder=\"Welches Auto haben sie ausgew\u00e4hlt und wann brauchen Sie es (von wann-bis wann)?*\" name=\"your-message\"><\/textarea><\/span>\n<\/p>\n<p><input class=\"wpcf7-form-control wpcf7-submit has-spinner\" type=\"submit\" value=\"ANFRAGE SENDEN\" \/>\n<\/p><div class=\"wpcf7-response-output\" aria-hidden=\"true\"><\/div>\n<\/form>\n<\/div>\n[vc_empty_space height=&#8220;42px&#8220;][\/vc_column_inner][\/vc_row_inner][vc_empty_space height=&#8220;52px&#8220;][\/vc_column][\/vc_row]<\/p>\n<\/div>","protected":false},"excerpt":{"rendered":"<p>[vc_row full_width=&#8220;stretch_row_content&#8220; css=&#8220;.vc_custom_1643656565704{background-image: url(https:\/\/magic-croatia.hr\/wp-content\/uploads\/2022\/01\/Slika-18-scaled.jpg?id=59583) !important;background-position: center !important;background-repeat: no-repeat !important;background-size: cover !important;}&#8220;][vc_column][vc_empty_space height=&#8220;122px&#8220;][vc_row_inner][vc_column_inner width=&#8220;2\/3&#8243;][vc_column_text]RENT A CAR&amp;Co Mieten Sei ein Fahrzeug in Zadar Unsere Agentur bietet zuverl\u00e4ssige Fahrzeugvermietungsdienste in Zadar an, mit einer gro\u00dfen Auswahl an Autos, Motorr\u00e4dern und Fahrr\u00e4dern f\u00fcr alle Ihre Bed\u00fcrfnisse. Egal, ob Sie ein Fahrzeug f\u00fcr Gesch\u00e4ftsreisen, t\u00e4gliche Aufgaben oder die Erkundung der [&hellip;]<\/p>\n","protected":false},"author":2,"featured_media":59495,"parent":0,"menu_order":0,"comment_status":"closed","ping_status":"closed","template":"template-home-modern.php","meta":{"footnotes":""},"yoast_head":"<!-- This site is optimized with the Yoast SEO plugin v22.4 - https:\/\/yoast.com\/wordpress\/plugins\/seo\/ -->\n<title>Fahrzeugvermietung Zadar | Magic Croatia<\/title>\n<meta name=\"description\" content=\"Entdecken Sie Zadar flexibel und komfortabel mit unserer Fahrzeugvermietung. Top-Auswahl an Autos, Motorr\u00e4dern und Fahrr\u00e4dern zu besten Preisen.\" \/>\n<meta name=\"robots\" content=\"index, follow, max-snippet:-1, max-image-preview:large, max-video-preview:-1\" \/>\n<link rel=\"canonical\" href=\"https:\/\/magic-croatia.hr\/de\/fahrzeugvermietung-in-zadar\/\" \/>\n<meta property=\"og:locale\" content=\"de_DE\" \/>\n<meta property=\"og:type\" content=\"article\" \/>\n<meta property=\"og:title\" content=\"Fahrzeugvermietung Zadar | Magic Croatia\" \/>\n<meta property=\"og:description\" content=\"Entdecken Sie Zadar flexibel und komfortabel mit unserer Fahrzeugvermietung. Top-Auswahl an Autos, Motorr\u00e4dern und Fahrr\u00e4dern zu besten Preisen.\" \/>\n<meta property=\"og:url\" content=\"https:\/\/magic-croatia.hr\/de\/fahrzeugvermietung-in-zadar\/\" \/>\n<meta property=\"og:site_name\" content=\"Magic Croatia\" \/>\n<meta property=\"article:modified_time\" content=\"2025-05-20T08:54:59+00:00\" \/>\n<meta property=\"og:image\" content=\"https:\/\/magic-croatia.hr\/wp-content\/uploads\/2021\/05\/Dugi_otok_kajak_avantura-Copy.jpg\" \/>\n\t<meta property=\"og:image:width\" content=\"1000\" \/>\n\t<meta property=\"og:image:height\" content=\"666\" \/>\n\t<meta property=\"og:image:type\" content=\"image\/jpeg\" \/>\n<meta name=\"twitter:card\" content=\"summary_large_image\" \/>\n<meta name=\"twitter:label1\" content=\"Gesch\u00e4tzte Lesezeit\" \/>\n\t<meta name=\"twitter:data1\" content=\"10 Minuten\" \/>\n<script type=\"application\/ld+json\" class=\"yoast-schema-graph\">{\"@context\":\"https:\/\/schema.org\",\"@graph\":[{\"@type\":\"WebPage\",\"@id\":\"https:\/\/magic-croatia.hr\/de\/fahrzeugvermietung-in-zadar\/\",\"url\":\"https:\/\/magic-croatia.hr\/de\/fahrzeugvermietung-in-zadar\/\",\"name\":\"Fahrzeugvermietung Zadar | Magic Croatia\",\"isPartOf\":{\"@id\":\"https:\/\/magic-croatia.hr\/de\/#website\"},\"primaryImageOfPage\":{\"@id\":\"https:\/\/magic-croatia.hr\/de\/fahrzeugvermietung-in-zadar\/#primaryimage\"},\"image\":{\"@id\":\"https:\/\/magic-croatia.hr\/de\/fahrzeugvermietung-in-zadar\/#primaryimage\"},\"thumbnailUrl\":\"https:\/\/magic-croatia.hr\/wp-content\/uploads\/2021\/05\/Dugi_otok_kajak_avantura-Copy.jpg\",\"datePublished\":\"2021-12-02T14:46:43+00:00\",\"dateModified\":\"2025-05-20T08:54:59+00:00\",\"description\":\"Entdecken Sie Zadar flexibel und komfortabel mit unserer Fahrzeugvermietung. Top-Auswahl an Autos, Motorr\u00e4dern und Fahrr\u00e4dern zu besten Preisen.\",\"breadcrumb\":{\"@id\":\"https:\/\/magic-croatia.hr\/de\/fahrzeugvermietung-in-zadar\/#breadcrumb\"},\"inLanguage\":\"de-DE\",\"potentialAction\":[{\"@type\":\"ReadAction\",\"target\":[\"https:\/\/magic-croatia.hr\/de\/fahrzeugvermietung-in-zadar\/\"]}]},{\"@type\":\"ImageObject\",\"inLanguage\":\"de-DE\",\"@id\":\"https:\/\/magic-croatia.hr\/de\/fahrzeugvermietung-in-zadar\/#primaryimage\",\"url\":\"https:\/\/magic-croatia.hr\/wp-content\/uploads\/2021\/05\/Dugi_otok_kajak_avantura-Copy.jpg\",\"contentUrl\":\"https:\/\/magic-croatia.hr\/wp-content\/uploads\/2021\/05\/Dugi_otok_kajak_avantura-Copy.jpg\",\"width\":1000,\"height\":666},{\"@type\":\"BreadcrumbList\",\"@id\":\"https:\/\/magic-croatia.hr\/de\/fahrzeugvermietung-in-zadar\/#breadcrumb\",\"itemListElement\":[{\"@type\":\"ListItem\",\"position\":1,\"name\":\"Home\",\"item\":\"https:\/\/magic-croatia.hr\/de\/\"},{\"@type\":\"ListItem\",\"position\":2,\"name\":\"Fahrzeugvermietung in Zadar\"}]},{\"@type\":\"WebSite\",\"@id\":\"https:\/\/magic-croatia.hr\/de\/#website\",\"url\":\"https:\/\/magic-croatia.hr\/de\/\",\"name\":\"Magic Croatia\",\"description\":\"Turisti\u010dka agencija\",\"publisher\":{\"@id\":\"https:\/\/magic-croatia.hr\/de\/#organization\"},\"potentialAction\":[{\"@type\":\"SearchAction\",\"target\":{\"@type\":\"EntryPoint\",\"urlTemplate\":\"https:\/\/magic-croatia.hr\/de\/?s={search_term_string}\"},\"query-input\":\"required name=search_term_string\"}],\"inLanguage\":\"de-DE\"},{\"@type\":\"Organization\",\"@id\":\"https:\/\/magic-croatia.hr\/de\/#organization\",\"name\":\"Magic Croatia\",\"url\":\"https:\/\/magic-croatia.hr\/de\/\",\"logo\":{\"@type\":\"ImageObject\",\"inLanguage\":\"de-DE\",\"@id\":\"https:\/\/magic-croatia.hr\/de\/#\/schema\/logo\/image\/\",\"url\":\"https:\/\/magic-croatia.hr\/wp-content\/uploads\/2019\/05\/magic-croatia-logo-final-02.png\",\"contentUrl\":\"https:\/\/magic-croatia.hr\/wp-content\/uploads\/2019\/05\/magic-croatia-logo-final-02.png\",\"width\":2251,\"height\":697,\"caption\":\"Magic Croatia\"},\"image\":{\"@id\":\"https:\/\/magic-croatia.hr\/de\/#\/schema\/logo\/image\/\"}}]}<\/script>\n<!-- \/ Yoast SEO plugin. -->","yoast_head_json":{"title":"Fahrzeugvermietung Zadar | Magic Croatia","description":"Entdecken Sie Zadar flexibel und komfortabel mit unserer Fahrzeugvermietung. Top-Auswahl an Autos, Motorr\u00e4dern und Fahrr\u00e4dern zu besten Preisen.","robots":{"index":"index","follow":"follow","max-snippet":"max-snippet:-1","max-image-preview":"max-image-preview:large","max-video-preview":"max-video-preview:-1"},"canonical":"https:\/\/magic-croatia.hr\/de\/fahrzeugvermietung-in-zadar\/","og_locale":"de_DE","og_type":"article","og_title":"Fahrzeugvermietung Zadar | Magic Croatia","og_description":"Entdecken Sie Zadar flexibel und komfortabel mit unserer Fahrzeugvermietung. Top-Auswahl an Autos, Motorr\u00e4dern und Fahrr\u00e4dern zu besten Preisen.","og_url":"https:\/\/magic-croatia.hr\/de\/fahrzeugvermietung-in-zadar\/","og_site_name":"Magic Croatia","article_modified_time":"2025-05-20T08:54:59+00:00","og_image":[{"width":1000,"height":666,"url":"https:\/\/magic-croatia.hr\/wp-content\/uploads\/2021\/05\/Dugi_otok_kajak_avantura-Copy.jpg","type":"image\/jpeg"}],"twitter_card":"summary_large_image","twitter_misc":{"Gesch\u00e4tzte Lesezeit":"10 Minuten"},"schema":{"@context":"https:\/\/schema.org","@graph":[{"@type":"WebPage","@id":"https:\/\/magic-croatia.hr\/de\/fahrzeugvermietung-in-zadar\/","url":"https:\/\/magic-croatia.hr\/de\/fahrzeugvermietung-in-zadar\/","name":"Fahrzeugvermietung Zadar | Magic Croatia","isPartOf":{"@id":"https:\/\/magic-croatia.hr\/de\/#website"},"primaryImageOfPage":{"@id":"https:\/\/magic-croatia.hr\/de\/fahrzeugvermietung-in-zadar\/#primaryimage"},"image":{"@id":"https:\/\/magic-croatia.hr\/de\/fahrzeugvermietung-in-zadar\/#primaryimage"},"thumbnailUrl":"https:\/\/magic-croatia.hr\/wp-content\/uploads\/2021\/05\/Dugi_otok_kajak_avantura-Copy.jpg","datePublished":"2021-12-02T14:46:43+00:00","dateModified":"2025-05-20T08:54:59+00:00","description":"Entdecken Sie Zadar flexibel und komfortabel mit unserer Fahrzeugvermietung. Top-Auswahl an Autos, Motorr\u00e4dern und Fahrr\u00e4dern zu besten Preisen.","breadcrumb":{"@id":"https:\/\/magic-croatia.hr\/de\/fahrzeugvermietung-in-zadar\/#breadcrumb"},"inLanguage":"de-DE","potentialAction":[{"@type":"ReadAction","target":["https:\/\/magic-croatia.hr\/de\/fahrzeugvermietung-in-zadar\/"]}]},{"@type":"ImageObject","inLanguage":"de-DE","@id":"https:\/\/magic-croatia.hr\/de\/fahrzeugvermietung-in-zadar\/#primaryimage","url":"https:\/\/magic-croatia.hr\/wp-content\/uploads\/2021\/05\/Dugi_otok_kajak_avantura-Copy.jpg","contentUrl":"https:\/\/magic-croatia.hr\/wp-content\/uploads\/2021\/05\/Dugi_otok_kajak_avantura-Copy.jpg","width":1000,"height":666},{"@type":"BreadcrumbList","@id":"https:\/\/magic-croatia.hr\/de\/fahrzeugvermietung-in-zadar\/#breadcrumb","itemListElement":[{"@type":"ListItem","position":1,"name":"Home","item":"https:\/\/magic-croatia.hr\/de\/"},{"@type":"ListItem","position":2,"name":"Fahrzeugvermietung in Zadar"}]},{"@type":"WebSite","@id":"https:\/\/magic-croatia.hr\/de\/#website","url":"https:\/\/magic-croatia.hr\/de\/","name":"Magic Croatia","description":"Turisti\u010dka agencija","publisher":{"@id":"https:\/\/magic-croatia.hr\/de\/#organization"},"potentialAction":[{"@type":"SearchAction","target":{"@type":"EntryPoint","urlTemplate":"https:\/\/magic-croatia.hr\/de\/?s={search_term_string}"},"query-input":"required name=search_term_string"}],"inLanguage":"de-DE"},{"@type":"Organization","@id":"https:\/\/magic-croatia.hr\/de\/#organization","name":"Magic Croatia","url":"https:\/\/magic-croatia.hr\/de\/","logo":{"@type":"ImageObject","inLanguage":"de-DE","@id":"https:\/\/magic-croatia.hr\/de\/#\/schema\/logo\/image\/","url":"https:\/\/magic-croatia.hr\/wp-content\/uploads\/2019\/05\/magic-croatia-logo-final-02.png","contentUrl":"https:\/\/magic-croatia.hr\/wp-content\/uploads\/2019\/05\/magic-croatia-logo-final-02.png","width":2251,"height":697,"caption":"Magic Croatia"},"image":{"@id":"https:\/\/magic-croatia.hr\/de\/#\/schema\/logo\/image\/"}}]}},"_links":{"self":[{"href":"https:\/\/magic-croatia.hr\/de\/wp-json\/wp\/v2\/pages\/57631"}],"collection":[{"href":"https:\/\/magic-croatia.hr\/de\/wp-json\/wp\/v2\/pages"}],"about":[{"href":"https:\/\/magic-croatia.hr\/de\/wp-json\/wp\/v2\/types\/page"}],"author":[{"embeddable":true,"href":"https:\/\/magic-croatia.hr\/de\/wp-json\/wp\/v2\/users\/2"}],"replies":[{"embeddable":true,"href":"https:\/\/magic-croatia.hr\/de\/wp-json\/wp\/v2\/comments?post=57631"}],"version-history":[{"count":49,"href":"https:\/\/magic-croatia.hr\/de\/wp-json\/wp\/v2\/pages\/57631\/revisions"}],"predecessor-version":[{"id":75529,"href":"https:\/\/magic-croatia.hr\/de\/wp-json\/wp\/v2\/pages\/57631\/revisions\/75529"}],"wp:featuredmedia":[{"embeddable":true,"href":"https:\/\/magic-croatia.hr\/de\/wp-json\/wp\/v2\/media\/59495"}],"wp:attachment":[{"href":"https:\/\/magic-croatia.hr\/de\/wp-json\/wp\/v2\/media?parent=57631"}],"curies":[{"name":"wp","href":"https:\/\/api.w.org\/{rel}","templated":true}]}}